{"id":1334,"date":"2018-08-20T08:59:42","date_gmt":"2018-08-20T06:59:42","guid":{"rendered":"http:\/\/wurst-spezi.com\/?page_id=1334"},"modified":"2024-12-03T08:39:58","modified_gmt":"2024-12-03T06:39:58","slug":"datenschutzerklaerung","status":"publish","type":"page","link":"https:\/\/wurst-spezi.com\/?page_id=1334","title":{"rendered":"Datenschutzerkl\u00e4rung"},"content":{"rendered":"<p>Grundlegendes<\/p>\n<p>Diese Datenschutzerkl\u00e4rung soll die Nutzer dieser Website \u00fcber die Art, den Umfang und den Zweck der Erhebung und Verwendung personenbezogener Daten durch den Websitebetreiber informieren.<\/p>\n<p>Die verantwortliche Stelle f\u00fcr die Datenverarbeitung auf dieser Website ist:<\/p>\n<p>Datenschutzbeauftragter nach Art. 37 DSGVO und \u00a7 38 BDSG 2018<br \/>\nHerr Patrick Richter<\/p>\n<p>WS Wurst-Spezi GmbH<br \/>\nGesch\u00e4ftsf\u00fchrer Andreas Scheefer<br \/>\nAnschrift: Hohenm\u00f6lsener Stra\u00dfe 16<br \/>\n06711 Zeitz OT Theissen<\/p>\n<p>Telefon: 03441 860 50<br \/>\nE-Mail: info@wurst-spezi.info<\/p>\n<p>Der Websitebetreiber nimmt Ihren Datenschutz sehr ernst und behandelt Ihre personenbezogenen Daten vertraulich und entsprechend der gesetzlichen Vorschriften. Da durch neue Technologien und die st\u00e4ndige Weiterentwicklung dieser Webseite \u00c4nderungen an dieser Datenschutzerkl\u00e4rung vorgenommen werden k\u00f6nnen, empfehlen wir Ihnen sich die Datenschutzerkl\u00e4rung in regelm\u00e4\u00dfigen Abst\u00e4nden wieder durchzulesen.<\/p>\n<p>Definitionen der verwendeten Begriffe (z.B. \u201cpersonenbezogene Daten\u201d oder \u201cVerarbeitung\u201d) finden Sie in Art. 4 DSGVO.<\/p>\n<p>Zugriffsdaten<\/p>\n<p>Wir, der Websitebetreiber bzw. Seitenprovider, erheben aufgrund unseres berechtigten Interesses (s. Art. 6 Abs. 1 lit. f. DSGVO) Daten \u00fcber Zugriffe auf die Website und speichern diese als \u201eServer-Logfiles\u201c auf dem Server der Website ab. Folgende Daten werden so protokolliert:<\/p>\n<p>\u2022 Besuchte Website<br \/>\n\u2022 Uhrzeit zum Zeitpunkt des Zugriffes<br \/>\n\u2022 Menge der gesendeten Daten in Byte<br \/>\n\u2022 Quelle\/Verweis, von welchem Sie auf die Seite gelangten<br \/>\n\u2022 Verwendeter Browser<br \/>\n\u2022 Verwendetes Betriebssystem<br \/>\n\u2022 Verwendete IP-Adresse<\/p>\n<p>Die Server-Logfiles werden f\u00fcr maximal 7 Tage gespeichert und anschlie\u00dfend gel\u00f6scht. Die Speicherung der Daten erfolgt aus Sicherheitsgr\u00fcnden, um z. B. Missbrauchsf\u00e4lle aufkl\u00e4ren zu k\u00f6nnen. M\u00fcssen Daten aus Beweisgr\u00fcnden aufgehoben werden, sind sie solange von der L\u00f6schung ausgenommen bis der Vorfall endg\u00fcltig gekl\u00e4rt ist.<\/p>\n<p>Reichweitenmessung &amp; Cookies<\/p>\n<p>Diese Website verwendet Cookies zur pseudonymisierten Reichweitenmessung, die entweder von unserem Server oder dem Server Dritter an den Browser des Nutzers \u00fcbertragen werden. Bei Cookies handelt es sich um kleine Dateien, welche auf Ihrem Endger\u00e4t gespeichert werden. Ihr Browser greift auf diese Dateien zu. Durch den Einsatz von Cookies erh\u00f6ht sich die Benutzerfreundlichkeit und Sicherheit dieser Website.<br \/>\nFalls Sie nicht m\u00f6chten, dass Cookies zur Reichweitenmessung auf Ihrem Endger\u00e4t gespeichert werden, k\u00f6nnen Sie dem Einsatz dieser Dateien hier widersprechen:<\/p>\n<p>\u2022 Cookie-Deaktivierungsseite der Netzwerkwerbeinitiative:<br \/>\n  http:\/\/optout.networkadvertising.org\/?c=1#!\/<br \/>\n\u2022 Cookie-Deaktivierungsseite der US-amerikanischen Website:<br \/>\n  http:\/\/optout.aboutads.info\/?c=2#!\/<br \/>\n\u2022 Cookie-Deaktivierungsseite der europ\u00e4ischen Website:<br \/>\n  http:\/\/optout.networkadvertising.org\/?c=1#!\/<\/p>\n<p>G\u00e4ngige Browser bieten die Einstellungsoption, Cookies nicht zuzulassen. Hinweis: Es ist nicht gew\u00e4hrleistet, dass Sie auf alle Funktionen dieser Website ohne Einschr\u00e4nkungen zugreifen k\u00f6nnen, wenn Sie entsprechende Einstellungen vornehmen.<\/p>\n<p>Erfassung und Verarbeitung personenbezogener Daten<\/p>\n<p>Der Websitebetreiber erhebt, nutzt und gibt Ihre personenbezogenen Daten nur dann weiter, wenn dies im gesetzlichen Rahmen erlaubt ist oder Sie in die Datenerhebung einwilligen.<br \/>\nAls personenbezogene Daten gelten s\u00e4mtliche Informationen, welche dazu dienen, Ihre Person zu bestimmen und welche zu Ihnen zur\u00fcckverfolgt werden k\u00f6nnen \u2013 also beispielsweise Ihr Name, Ihre E-Mail-Adresse und Telefonnummer.<\/p>\n<p>Diese Website k\u00f6nnen Sie auch besuchen, ohne Angaben zu Ihrer Person zu machen. Zur Verbesserung unseres Online-Angebotes speichern wir jedoch (ohne Personenbezug) Ihre Zugriffsdaten auf diese Website. Zu diesen Zugriffsdaten geh\u00f6ren z. B. die von Ihnen angeforderte Datei oder der Name Ihres Internet-Providers. Durch die Anonymisierung der Daten sind R\u00fcckschl\u00fcsse auf Ihre Person nicht m\u00f6glich.<\/p>\n<p>Umgang mit Kontaktdaten<\/p>\n<p>Nehmen Sie mit uns als Websitebetreiber durch die angebotenen Kontaktm\u00f6glichkeiten Verbindung auf, werden Ihre Angaben gespeichert, damit auf diese zur Bearbeitung und Beantwortung Ihrer Anfrage zur\u00fcckgegriffen werden kann. Ohne Ihre Einwilligung werden diese Daten nicht an Dritte weitergegeben.<\/p>\n<p>Per Kontaktformular \u00fcbermittelte Daten werden einschlie\u00dflich Ihrer Kontaktdaten gespeichert, um Ihre Anfrage bearbeiten zu k\u00f6nnen oder um f\u00fcr Anschlussfragen bereitzustehen. Eine Weitergabe dieser Daten findet ohne Ihre Einwilligung nicht statt.<br \/>\nDie Verarbeitung der in das Kontaktformular eingegebenen Daten erfolgt ausschlie\u00dflich auf Grundlage Ihrer Einwilligung (Art. 6 Abs. 1 lit. a DSGVO). Ein Widerruf Ihrer bereits erteilten Einwilligung ist jederzeit m\u00f6glich. F\u00fcr den Widerruf gen\u00fcgt eine formlose Mitteilung per E-Mail. Die Rechtm\u00e4\u00dfigkeit der bis zum Widerruf erfolgten Datenverarbeitungsvorg\u00e4nge bleibt vom Widerruf unber\u00fchrt.<\/p>\n<p>Rechte des Nutzers<\/p>\n<p>Sie haben als Nutzer das Recht, auf Antrag eine kostenlose Auskunft dar\u00fcber zu erhalten, welche personenbezogenen Daten \u00fcber Sie gespeichert wurden. Sie haben au\u00dferdem das Recht auf Berichtigung falscher Daten und auf die Verarbeitungseinschr\u00e4nkung oder L\u00f6schung Ihrer personenbezogenen Daten. Falls zutreffend, k\u00f6nnen Sie auch Ihr Recht auf Datenportabilit\u00e4t geltend machen. Sollten Sie annehmen, dass Ihre Daten unrechtm\u00e4\u00dfig verarbeitet wurden, k\u00f6nnen Sie eine Beschwerde bei der zust\u00e4ndigen Aufsichtsbeh\u00f6rde einreichen.<\/p>\n<p>L\u00f6schung von Daten<\/p>\n<p>Sofern Ihr Wunsch nicht mit einer gesetzlichen Pflicht zur Aufbewahrung von Daten (z. B. Vorratsdatenspeicherung) kollidiert, haben Sie ein Anrecht auf L\u00f6schung Ihrer Daten. Von uns gespeicherte Daten werden, sollten sie f\u00fcr ihre Zweckbestimmung nicht mehr vonn\u00f6ten sein und es keine gesetzlichen Aufbewahrungsfristen geben, gel\u00f6scht. Falls eine L\u00f6schung nicht durchgef\u00fchrt werden kann, da die Daten f\u00fcr zul\u00e4ssige gesetzliche Zwecke erforderlich sind, erfolgt eine Einschr\u00e4nkung der Datenverarbeitung. In diesem Fall werden die Daten gesperrt und nicht f\u00fcr andere Zwecke verarbeitet.<\/p>\n<p>Widerspruchsrecht<\/p>\n<p>Nutzer dieser Webseite k\u00f6nnen von ihrem Widerspruchsrecht Gebrauch machen und der Verarbeitung ihrer personenbezogenen Daten zu jeder Zeit widersprechen.<\/p>\n<p>Wenn Sie eine Berichtigung, Sperrung, L\u00f6schung oder Auskunft \u00fcber die zu Ihrer Person gespeicherten personenbezogenen Daten w\u00fcnschen oder Fragen bzgl. der Erhebung, Verarbeitung oder Verwendung Ihrer personenbezogenen Daten haben oder erteilte Einwilligungen widerrufen m\u00f6chten, wenden Sie sich bitte an folgende E-Mail-Adresse: info@wurst-spezi.info<\/p>\n<p>Als Betroffener steht Ihnen im Falle eines datenschutzrechtlichen Versto\u00dfes ein Beschwerderecht bei der zust\u00e4ndigen Aufsichtsbeh\u00f6rde zu. Zust\u00e4ndige Aufsichtsbeh\u00f6rde bez\u00fcglich datenschutzrechtlicher Fragen ist der Landesdatenschutzbeauftragte des Bundeslandes Sachsen-Anhalt.<\/p>\n<p>Landesbeauftragter f\u00fcr den Datenschutz Sachsen-Anhalt<\/p>\n<p>Postfach 19 47<br \/>\n39009 Magdeburg<br \/>\nLeiterstra\u00dfe 9<br \/>\n39104 Magdeburg<br \/>\nTelefon: 03 91\/818 03-0<br \/>\nTelefax: 03 91\/818 03-33<\/p>\n<p>E-Mail: poststelle@lfd.sachsen-anhalt.de<br \/>\nHomepage: http:\/\/www.datenschutz.sachsen-anhalt.de<\/p>\n","protected":false},"excerpt":{"rendered":"<p>Grundlegendes Diese Datenschutzerkl\u00e4rung soll die Nutzer dieser Website \u00fcber die Art, den Umfang und den Zweck der Erhebung und Verwendung personenbezogener Daten durch den Websitebetreiber informieren. Die verantwortliche Stelle f\u00fcr die Datenverarbeitung auf dieser Website ist: Datenschutzbeauftragter nach Art. 37 &hellip; <a href=\"https:\/\/wurst-spezi.com\/?page_id=1334\">Weiterlesen <span class=\"meta-nav\">&rarr;<\/span><\/a><\/p>\n","protected":false},"author":1,"featured_media":0,"parent":0,"menu_order":0,"comment_status":"closed","ping_status":"closed","template":"onecolumn-page.php","meta":{"footnotes":""},"class_list":["post-1334","page","type-page","status-publish","hentry"],"_links":{"self":[{"href":"https:\/\/wurst-spezi.com\/index.php?rest_route=\/wp\/v2\/pages\/1334","targetHints":{"allow":["GET"]}}],"collection":[{"href":"https:\/\/wurst-spezi.com\/index.php?rest_route=\/wp\/v2\/pages"}],"about":[{"href":"https:\/\/wurst-spezi.com\/index.php?rest_route=\/wp\/v2\/types\/page"}],"author":[{"embeddable":true,"href":"https:\/\/wurst-spezi.com\/index.php?rest_route=\/wp\/v2\/users\/1"}],"replies":[{"embeddable":true,"href":"https:\/\/wurst-spezi.com\/index.php?rest_route=%2Fwp%2Fv2%2Fcomments&post=1334"}],"version-history":[{"count":4,"href":"https:\/\/wurst-spezi.com\/index.php?rest_route=\/wp\/v2\/pages\/1334\/revisions"}],"predecessor-version":[{"id":1584,"href":"https:\/\/wurst-spezi.com\/index.php?rest_route=\/wp\/v2\/pages\/1334\/revisions\/1584"}],"wp:attachment":[{"href":"https:\/\/wurst-spezi.com\/index.php?rest_route=%2Fwp%2Fv2%2Fmedia&parent=1334"}],"curies":[{"name":"wp","href":"https:\/\/api.w.org\/{rel}","templated":true}]}}